{"id":1727,"date":"2022-10-27T11:38:27","date_gmt":"2022-10-27T11:38:27","guid":{"rendered":"https:\/\/www.sus-mirri.it\/sample-page\/"},"modified":"2026-03-18T11:24:48","modified_gmt":"2026-03-18T11:24:48","slug":"home","status":"publish","type":"page","link":"https:\/\/www.sus-mirri.it\/it\/","title":{"rendered":"HOME"},"content":{"rendered":"<div class=\"wpb-content-wrapper\"><p>[vc_row][vc_column width=&#8221;1\/2&#8243;][vc_column_text text_style=&#8221;subtitle&#8221;]SUS-MIRRI.IT[\/vc_column_text]<h2 class=\"grve-element grve-title grve-align-left grve-h2\" style=\"\"><span>Rafforzare l'Infrastruttura di Ricerca Italiana MIRRI per la Bioscienza e la Bioeconomia Sostenibili<span class=\"grve-title-line grve-bg-primary-2\" style=\"width: 50px;height: 2px;\"><\/span><\/span><\/h2>[vc_column_text]<img loading=\"lazy\" decoding=\"async\" class=\"alignnone wp-image-40\" src=\"http:\/\/www.sus-mirri.it\/wp-content\/uploads\/2024\/01\/sus-mirri-logo-single.jpg\" alt=\"\" width=\"179\" height=\"89\" \/>[\/vc_column_text][\/vc_column][vc_column width=&#8221;1\/2&#8243;][vc_column_text]SUS-MIRRI.IT svilupper\u00e0 <strong>Ricerca, Servizi e Formazione<\/strong> nell\u2019ambito della <strong>rete italiana delle collezioni microbiche MIRRI-IT<\/strong>. Mediante il progetto, puntiamo ad incrementare le biorisorse conservate presso le Infrastrutture di Ricerca MIRRI-IT, migliorandone la caratterizzazione e ottimizzandone la gestione, in modo da valorizzarne il potenziale genomico e metabolico.<\/p>\n<p><strong>SUS-MIRRI.IT<\/strong>, finanziato dal <strong>Piano Nazionale di Ripresa e Resilienza (PNRR)<\/strong>, \u00e8 coordinato dall\u2019Universit\u00e0 di Torino e coinvolge 15 istituzioni con 24 Unit\u00e0 Operative (UO). Il progetto \u00e8 concesso dal <strong>programma NextGenerationEU della Commissione Europea<\/strong>, avvalendosi di un budget totale di circa 17.000.000\u20ac.[\/vc_column_text][\/vc_column][\/vc_row][vc_row heading_color=&#8221;light&#8221; bg_type=&#8221;color&#8221; bg_color=&#8221;#1266cd&#8221;][vc_column][vc_empty_space height=&#8221;22px&#8221;][vc_column_text text_style=&#8221;leader-text&#8221; el_class=&#8221;bianco&#8221;]<\/p>\n<p style=\"text-align: center;\">Area ESFRI \u201cSalute e Alimentazione\u201d, concesso dalla Commissione Europea NextGenerationEU, codice N\u00b0 IR0000005.<\/p>\n<p>[\/vc_column_text][vc_empty_space height=&#8221;2px&#8221;][\/vc_column][\/vc_row][vc_row][vc_column]<h3 class=\"grve-element grve-title grve-align-center grve-h3\" style=\"\"><span>EVENTI<span class=\"grve-title-line grve-bg-primary-2\" style=\"width: 50px;height: 2px;\"><\/span><\/span><\/h3>\t\t<div class=\"grve-element grve-with-gap grve-carousel-pagination-1 grve-carousel-wrapper\" style=\"\" >\r\n<div class=\"grve-carousel-navigation grve-dark grve-navigation-1 grve-navigation-carousel\">\t<div class=\"grve-carousel-buttons\">\t\t<div class=\"grve-carousel-prev\">\t\t\t<i class=\"grve-icon-arrow-left-alt\"><\/i>\t\t<\/div>\t\t<div class=\"grve-carousel-next\">\t\t\t<i class=\"grve-icon-arrow-right-alt\"><\/i>\t\t<\/div>\t<\/div><\/div>\r\n\t\t\t<div class=\"grve-carousel grve-blog-carousel grve-carousel-element\" data-items=\"3\" data-slider-speed=\"6000\" data-slider-pause=\"no\" data-pagination-speed=\"400\" data-pagination=\"yes\" data-slider-autoplay=\"no\" data-gutter-size=\"40\">\r\n\t\t\t\t<div class=\"grve-carousel-item\">\r\n\t\t\t\t\t<article class=\"grve-post-item post-4288 post type-post status-publish format-standard has-post-thumbnail hentry category-eventi\" itemscope itemType=\"http:\/\/schema.org\/BlogPosting\">\r\n\t\t\t\t\t\t\t\t<div class=\"grve-media grve-image-hover\">\r\n\t\t\t\t\t\t<a href=\"https:\/\/www.sus-mirri.it\/it\/2026\/04\/mirri-eric-voices-webinar-episode-5-exploring-the-romanian-microbial-landscape\/\"><img loading=\"lazy\" decoding=\"async\" width=\"600\" height=\"600\" src=\"https:\/\/www.sus-mirri.it\/wp-content\/uploads\/2026\/04\/Copia-di-Copia-di-Sus-mirri-Ricercatore-1-600x600.png\" class=\"attachment-blade-grve-small-square size-blade-grve-small-square wp-post-image\" alt=\"\" srcset=\"https:\/\/www.sus-mirri.it\/wp-content\/uploads\/2026\/04\/Copia-di-Copia-di-Sus-mirri-Ricercatore-1-600x600.png 600w, https:\/\/www.sus-mirri.it\/wp-content\/uploads\/2026\/04\/Copia-di-Copia-di-Sus-mirri-Ricercatore-1-300x300.png 300w, https:\/\/www.sus-mirri.it\/wp-content\/uploads\/2026\/04\/Copia-di-Copia-di-Sus-mirri-Ricercatore-1-1024x1024.png 1024w, https:\/\/www.sus-mirri.it\/wp-content\/uploads\/2026\/04\/Copia-di-Copia-di-Sus-mirri-Ricercatore-1-150x150.png 150w, https:\/\/www.sus-mirri.it\/wp-content\/uploads\/2026\/04\/Copia-di-Copia-di-Sus-mirri-Ricercatore-1-768x768.png 768w, https:\/\/www.sus-mirri.it\/wp-content\/uploads\/2026\/04\/Copia-di-Copia-di-Sus-mirri-Ricercatore-1.png 1080w\" sizes=\"auto, (max-width: 600px) 100vw, 600px\" \/><\/a>\r\n\t\t\t\r\n\t\t<\/div>\r\n\t\t\t\t\t\t<div class=\"grve-post-content\">\r\n\t\t\t\t\t\t\t<div class=\"grve-post-meta grve-border grve-small-text grve-text-content\">\r\n\t\t\t\t\t\t\t\t\t\t\t<time class=\"grve-post-date\" datetime=\"2026-04-22T13:22:03+00:00\">\r\n\t\t\t\t22 Aprile 2026\t\t\t<\/time>\r\n\t\t\t\t\t\t\t<\/div>\r\n\t\t\t\t\t\t\t<a href=\"https:\/\/www.sus-mirri.it\/it\/2026\/04\/mirri-eric-voices-webinar-episode-5-exploring-the-romanian-microbial-landscape\/\" rel=\"bookmark\"><h3 class=\"grve-post-title grve-text-hover-primary-1 grve-h6\" itemprop=\"headline\">MIRRI-ERIC Voices Webinar Episode 5: Exploring the Romanian Microbial Landscape<\/h3><\/a>\t\t\t\t\t\t\t\t\t<span class=\"grve-hidden\">\r\n\t\t\t<span class=\"grve-structured-data entry-title\">MIRRI-ERIC Voices Webinar Episode 5: Exploring the Romanian Microbial Landscape<\/span>\r\n\t\t\t<span class=\"grve-structured-data\" itemprop=\"image\" itemscope itemtype=\"http:\/\/schema.org\/ImageObject\">\r\n\t\t\t   <span itemprop='url' >https:\/\/www.sus-mirri.it\/wp-content\/uploads\/2026\/04\/Copia-di-Copia-di-Sus-mirri-Ricercatore-1-1024x1024.png<\/span>\r\n\t\t\t   <span itemprop='height' >1024<\/span>\r\n\t\t\t   <span itemprop='width' >1024<\/span>\r\n\t\t\t<\/span>\r\n\t\t\t\t\t\t<span class=\"grve-structured-data vcard author\" itemprop=\"author\" itemscope itemtype=\"http:\/\/schema.org\/Person\">\r\n\t\t\t\t<span itemprop=\"name\" class=\"fn\">SUS-MIRRI.IT<\/span>\r\n\t\t\t<\/span>\r\n\t\t\t<span class=\"grve-structured-data\" itemprop=\"publisher\" itemscope itemtype=\"http:\/\/schema.org\/Organization\">\r\n\t\t\t\t<span itemprop='name'>SUS-MIRRI.IT<\/span>\r\n\t\t\t\t<span itemprop='logo' itemscope itemtype='http:\/\/schema.org\/ImageObject'>\r\n\t\t\t\t\t<span itemprop='url'>\/\/www.sus-mirri.it\/wp-content\/uploads\/2024\/02\/sus-mirri_logo.png<\/span>\r\n\t\t\t\t<\/span>\r\n\t\t\t<\/span>\r\n\t\t\t\t\t\t<time class=\"grve-structured-data date published\" itemprop=\"datePublished\" datetime=\"2026-04-22T13:22:03+00:00\">22 Aprile 2026<\/time>\r\n\t\t\t<time class=\"grve-structured-data date updated\" itemprop=\"dateModified\"  datetime=\"2026-04-22T13:25:45+00:00\">22 Aprile 2026<\/time>\r\n\t\t\t<span class=\"grve-structured-data\" itemprop=\"mainEntityOfPage\" itemscope itemtype=\"http:\/\/schema.org\/WebPage\" itemid=\"https:\/\/www.sus-mirri.it\/it\/2026\/04\/mirri-eric-voices-webinar-episode-5-exploring-the-romanian-microbial-landscape\/\"><\/span>\r\n\t\t<\/span><!-- END grve-hidden -->\r\n\t\t\t\t\t\t\t\t<div itemprop=\"articleBody\"><p>The MIRRI-ERIC community is pleased to announce the fifth episode of its ongoing webinar series, MIRRI-ERIC Voices, a monthly initiative&hellip;<\/p><\/div>\t\t\t\t\t\t<\/div>\r\n\t\t\t\t\t<\/article>\r\n\t\t\t\t<\/div>\r\n\t\t\t\t<div class=\"grve-carousel-item\">\r\n\t\t\t\t\t<article class=\"grve-post-item post-4282 post type-post status-publish format-standard has-post-thumbnail hentry category-eventi\" itemscope itemType=\"http:\/\/schema.org\/BlogPosting\">\r\n\t\t\t\t\t\t\t\t<div class=\"grve-media grve-image-hover\">\r\n\t\t\t\t\t\t<a href=\"https:\/\/www.sus-mirri.it\/it\/2026\/04\/roma-22-aprile-workshop-le-infrastrutture-di-ricerca-per-linnovazione\/\"><img loading=\"lazy\" decoding=\"async\" width=\"600\" height=\"600\" src=\"https:\/\/www.sus-mirri.it\/wp-content\/uploads\/2026\/04\/DSU-982x1024-1-600x600.jpeg\" class=\"attachment-blade-grve-small-square size-blade-grve-small-square wp-post-image\" alt=\"\" \/><\/a>\r\n\t\t\t\r\n\t\t<\/div>\r\n\t\t\t\t\t\t<div class=\"grve-post-content\">\r\n\t\t\t\t\t\t\t<div class=\"grve-post-meta grve-border grve-small-text grve-text-content\">\r\n\t\t\t\t\t\t\t\t\t\t\t<time class=\"grve-post-date\" datetime=\"2026-04-20T18:18:19+00:00\">\r\n\t\t\t\t20 Aprile 2026\t\t\t<\/time>\r\n\t\t\t\t\t\t\t<\/div>\r\n\t\t\t\t\t\t\t<a href=\"https:\/\/www.sus-mirri.it\/it\/2026\/04\/roma-22-aprile-workshop-le-infrastrutture-di-ricerca-per-linnovazione\/\" rel=\"bookmark\"><h3 class=\"grve-post-title grve-text-hover-primary-1 grve-h6\" itemprop=\"headline\">Roma, 22 aprile &#8211; workshop: \u201cLe Infrastrutture di Ricerca per l\u2019Innovazione\u201d.<\/h3><\/a>\t\t\t\t\t\t\t\t\t<span class=\"grve-hidden\">\r\n\t\t\t<span class=\"grve-structured-data entry-title\">Roma, 22 aprile &#8211; workshop: \u201cLe Infrastrutture di Ricerca per l\u2019Innovazione\u201d.<\/span>\r\n\t\t\t<span class=\"grve-structured-data\" itemprop=\"image\" itemscope itemtype=\"http:\/\/schema.org\/ImageObject\">\r\n\t\t\t   <span itemprop='url' >https:\/\/www.sus-mirri.it\/wp-content\/uploads\/2026\/04\/DSU-982x1024-1.jpeg<\/span>\r\n\t\t\t   <span itemprop='height' >982<\/span>\r\n\t\t\t   <span itemprop='width' >1024<\/span>\r\n\t\t\t<\/span>\r\n\t\t\t\t\t\t<span class=\"grve-structured-data vcard author\" itemprop=\"author\" itemscope itemtype=\"http:\/\/schema.org\/Person\">\r\n\t\t\t\t<span itemprop=\"name\" class=\"fn\">SUS-MIRRI.IT<\/span>\r\n\t\t\t<\/span>\r\n\t\t\t<span class=\"grve-structured-data\" itemprop=\"publisher\" itemscope itemtype=\"http:\/\/schema.org\/Organization\">\r\n\t\t\t\t<span itemprop='name'>SUS-MIRRI.IT<\/span>\r\n\t\t\t\t<span itemprop='logo' itemscope itemtype='http:\/\/schema.org\/ImageObject'>\r\n\t\t\t\t\t<span itemprop='url'>\/\/www.sus-mirri.it\/wp-content\/uploads\/2024\/02\/sus-mirri_logo.png<\/span>\r\n\t\t\t\t<\/span>\r\n\t\t\t<\/span>\r\n\t\t\t\t\t\t<time class=\"grve-structured-data date published\" itemprop=\"datePublished\" datetime=\"2026-04-20T18:18:19+00:00\">20 Aprile 2026<\/time>\r\n\t\t\t<time class=\"grve-structured-data date updated\" itemprop=\"dateModified\"  datetime=\"2026-04-20T18:36:26+00:00\">20 Aprile 2026<\/time>\r\n\t\t\t<span class=\"grve-structured-data\" itemprop=\"mainEntityOfPage\" itemscope itemtype=\"http:\/\/schema.org\/WebPage\" itemid=\"https:\/\/www.sus-mirri.it\/it\/2026\/04\/roma-22-aprile-workshop-le-infrastrutture-di-ricerca-per-linnovazione\/\"><\/span>\r\n\t\t<\/span><!-- END grve-hidden -->\r\n\t\t\t\t\t\t\t\t<div itemprop=\"articleBody\"><p>Le Infrastrutture di Ricerca rappresentano oggi uno dei principali motori dell\u2019innovazione, capaci di mettere in connessione competenze scientifiche, tecnologie avanzate&hellip;<\/p><\/div>\t\t\t\t\t\t<\/div>\r\n\t\t\t\t\t<\/article>\r\n\t\t\t\t<\/div>\r\n\t\t\t\t<div class=\"grve-carousel-item\">\r\n\t\t\t\t\t<article class=\"grve-post-item post-4244 post type-post status-publish format-standard has-post-thumbnail hentry category-eventi\" itemscope itemType=\"http:\/\/schema.org\/BlogPosting\">\r\n\t\t\t\t\t\t\t\t<div class=\"grve-media grve-image-hover\">\r\n\t\t\t\t\t\t<a href=\"https:\/\/www.sus-mirri.it\/it\/2026\/04\/il-28-aprile-al-via-il-training-con-focus-sui-batteri-acetici-produttori-di-cellulosa\/\"><img loading=\"lazy\" decoding=\"async\" width=\"600\" height=\"600\" src=\"https:\/\/www.sus-mirri.it\/wp-content\/uploads\/2026\/04\/SUS-MIRRI-2-1-600x600.png\" class=\"attachment-blade-grve-small-square size-blade-grve-small-square wp-post-image\" alt=\"\" srcset=\"https:\/\/www.sus-mirri.it\/wp-content\/uploads\/2026\/04\/SUS-MIRRI-2-1-600x600.png 600w, https:\/\/www.sus-mirri.it\/wp-content\/uploads\/2026\/04\/SUS-MIRRI-2-1-300x300.png 300w, https:\/\/www.sus-mirri.it\/wp-content\/uploads\/2026\/04\/SUS-MIRRI-2-1-1024x1024.png 1024w, https:\/\/www.sus-mirri.it\/wp-content\/uploads\/2026\/04\/SUS-MIRRI-2-1-150x150.png 150w, https:\/\/www.sus-mirri.it\/wp-content\/uploads\/2026\/04\/SUS-MIRRI-2-1-768x768.png 768w, https:\/\/www.sus-mirri.it\/wp-content\/uploads\/2026\/04\/SUS-MIRRI-2-1.png 1080w\" sizes=\"auto, (max-width: 600px) 100vw, 600px\" \/><\/a>\r\n\t\t\t\r\n\t\t<\/div>\r\n\t\t\t\t\t\t<div class=\"grve-post-content\">\r\n\t\t\t\t\t\t\t<div class=\"grve-post-meta grve-border grve-small-text grve-text-content\">\r\n\t\t\t\t\t\t\t\t\t\t\t<time class=\"grve-post-date\" datetime=\"2026-04-16T09:32:08+00:00\">\r\n\t\t\t\t16 Aprile 2026\t\t\t<\/time>\r\n\t\t\t\t\t\t\t<\/div>\r\n\t\t\t\t\t\t\t<a href=\"https:\/\/www.sus-mirri.it\/it\/2026\/04\/il-28-aprile-al-via-il-training-con-focus-sui-batteri-acetici-produttori-di-cellulosa\/\" rel=\"bookmark\"><h3 class=\"grve-post-title grve-text-hover-primary-1 grve-h6\" itemprop=\"headline\">Il 28 aprile al via il training con focus sui batteri acetici produttori di cellulosa<\/h3><\/a>\t\t\t\t\t\t\t\t\t<span class=\"grve-hidden\">\r\n\t\t\t<span class=\"grve-structured-data entry-title\">Il 28 aprile al via il training con focus sui batteri acetici produttori di cellulosa<\/span>\r\n\t\t\t<span class=\"grve-structured-data\" itemprop=\"image\" itemscope itemtype=\"http:\/\/schema.org\/ImageObject\">\r\n\t\t\t   <span itemprop='url' >https:\/\/www.sus-mirri.it\/wp-content\/uploads\/2026\/04\/SUS-MIRRI-2-1-1024x1024.png<\/span>\r\n\t\t\t   <span itemprop='height' >1024<\/span>\r\n\t\t\t   <span itemprop='width' >1024<\/span>\r\n\t\t\t<\/span>\r\n\t\t\t\t\t\t<span class=\"grve-structured-data vcard author\" itemprop=\"author\" itemscope itemtype=\"http:\/\/schema.org\/Person\">\r\n\t\t\t\t<span itemprop=\"name\" class=\"fn\">SUS-MIRRI.IT<\/span>\r\n\t\t\t<\/span>\r\n\t\t\t<span class=\"grve-structured-data\" itemprop=\"publisher\" itemscope itemtype=\"http:\/\/schema.org\/Organization\">\r\n\t\t\t\t<span itemprop='name'>SUS-MIRRI.IT<\/span>\r\n\t\t\t\t<span itemprop='logo' itemscope itemtype='http:\/\/schema.org\/ImageObject'>\r\n\t\t\t\t\t<span itemprop='url'>\/\/www.sus-mirri.it\/wp-content\/uploads\/2024\/02\/sus-mirri_logo.png<\/span>\r\n\t\t\t\t<\/span>\r\n\t\t\t<\/span>\r\n\t\t\t\t\t\t<time class=\"grve-structured-data date published\" itemprop=\"datePublished\" datetime=\"2026-04-16T09:32:08+00:00\">16 Aprile 2026<\/time>\r\n\t\t\t<time class=\"grve-structured-data date updated\" itemprop=\"dateModified\"  datetime=\"2026-04-16T09:33:30+00:00\">16 Aprile 2026<\/time>\r\n\t\t\t<span class=\"grve-structured-data\" itemprop=\"mainEntityOfPage\" itemscope itemtype=\"http:\/\/schema.org\/WebPage\" itemid=\"https:\/\/www.sus-mirri.it\/it\/2026\/04\/il-28-aprile-al-via-il-training-con-focus-sui-batteri-acetici-produttori-di-cellulosa\/\"><\/span>\r\n\t\t<\/span><!-- END grve-hidden -->\r\n\t\t\t\t\t\t\t\t<div itemprop=\"articleBody\"><p>L\u2019Universit\u00e0 degli Studi di Modena e Reggio Emilia organizza un nuovo appuntamento del ciclo di Training Courses SUS-MIRRI.IT, dedicato alla&hellip;<\/p><\/div>\t\t\t\t\t\t<\/div>\r\n\t\t\t\t\t<\/article>\r\n\t\t\t\t<\/div>\r\n\t\t\t\t<div class=\"grve-carousel-item\">\r\n\t\t\t\t\t<article class=\"grve-post-item post-4102 post type-post status-publish format-standard has-post-thumbnail hentry category-eventi\" itemscope itemType=\"http:\/\/schema.org\/BlogPosting\">\r\n\t\t\t\t\t\t\t\t<div class=\"grve-media grve-image-hover\">\r\n\t\t\t\t\t\t<a href=\"https:\/\/www.sus-mirri.it\/it\/2026\/03\/corso-online-il-sistema-di-pathogen-access-and-benefit-sharing-pabs-guardando-al-trattato-pandemico-who\/\"><img loading=\"lazy\" decoding=\"async\" width=\"600\" height=\"600\" src=\"https:\/\/www.sus-mirri.it\/wp-content\/uploads\/2026\/03\/SUS-MIRRI-2-600x600.png\" class=\"attachment-blade-grve-small-square size-blade-grve-small-square wp-post-image\" alt=\"\" srcset=\"https:\/\/www.sus-mirri.it\/wp-content\/uploads\/2026\/03\/SUS-MIRRI-2-600x600.png 600w, https:\/\/www.sus-mirri.it\/wp-content\/uploads\/2026\/03\/SUS-MIRRI-2-300x300.png 300w, https:\/\/www.sus-mirri.it\/wp-content\/uploads\/2026\/03\/SUS-MIRRI-2-1024x1024.png 1024w, https:\/\/www.sus-mirri.it\/wp-content\/uploads\/2026\/03\/SUS-MIRRI-2-150x150.png 150w, https:\/\/www.sus-mirri.it\/wp-content\/uploads\/2026\/03\/SUS-MIRRI-2-768x768.png 768w, https:\/\/www.sus-mirri.it\/wp-content\/uploads\/2026\/03\/SUS-MIRRI-2.png 1080w\" sizes=\"auto, (max-width: 600px) 100vw, 600px\" \/><\/a>\r\n\t\t\t\r\n\t\t<\/div>\r\n\t\t\t\t\t\t<div class=\"grve-post-content\">\r\n\t\t\t\t\t\t\t<div class=\"grve-post-meta grve-border grve-small-text grve-text-content\">\r\n\t\t\t\t\t\t\t\t\t\t\t<time class=\"grve-post-date\" datetime=\"2026-03-16T15:59:11+00:00\">\r\n\t\t\t\t16 Marzo 2026\t\t\t<\/time>\r\n\t\t\t\t\t\t\t<\/div>\r\n\t\t\t\t\t\t\t<a href=\"https:\/\/www.sus-mirri.it\/it\/2026\/03\/corso-online-il-sistema-di-pathogen-access-and-benefit-sharing-pabs-guardando-al-trattato-pandemico-who\/\" rel=\"bookmark\"><h3 class=\"grve-post-title grve-text-hover-primary-1 grve-h6\" itemprop=\"headline\">Corso Online: il sistema di Pathogen Access and Benefit-Sharing (PABS) guardando al trattato pandemico (WHO)<\/h3><\/a>\t\t\t\t\t\t\t\t\t<span class=\"grve-hidden\">\r\n\t\t\t<span class=\"grve-structured-data entry-title\">Corso Online: il sistema di Pathogen Access and Benefit-Sharing (PABS) guardando al trattato pandemico (WHO)<\/span>\r\n\t\t\t<span class=\"grve-structured-data\" itemprop=\"image\" itemscope itemtype=\"http:\/\/schema.org\/ImageObject\">\r\n\t\t\t   <span itemprop='url' >https:\/\/www.sus-mirri.it\/wp-content\/uploads\/2026\/03\/SUS-MIRRI-2-1024x1024.png<\/span>\r\n\t\t\t   <span itemprop='height' >1024<\/span>\r\n\t\t\t   <span itemprop='width' >1024<\/span>\r\n\t\t\t<\/span>\r\n\t\t\t\t\t\t<span class=\"grve-structured-data vcard author\" itemprop=\"author\" itemscope itemtype=\"http:\/\/schema.org\/Person\">\r\n\t\t\t\t<span itemprop=\"name\" class=\"fn\">SUS-MIRRI.IT<\/span>\r\n\t\t\t<\/span>\r\n\t\t\t<span class=\"grve-structured-data\" itemprop=\"publisher\" itemscope itemtype=\"http:\/\/schema.org\/Organization\">\r\n\t\t\t\t<span itemprop='name'>SUS-MIRRI.IT<\/span>\r\n\t\t\t\t<span itemprop='logo' itemscope itemtype='http:\/\/schema.org\/ImageObject'>\r\n\t\t\t\t\t<span itemprop='url'>\/\/www.sus-mirri.it\/wp-content\/uploads\/2024\/02\/sus-mirri_logo.png<\/span>\r\n\t\t\t\t<\/span>\r\n\t\t\t<\/span>\r\n\t\t\t\t\t\t<time class=\"grve-structured-data date published\" itemprop=\"datePublished\" datetime=\"2026-03-16T15:59:11+00:00\">16 Marzo 2026<\/time>\r\n\t\t\t<time class=\"grve-structured-data date updated\" itemprop=\"dateModified\"  datetime=\"2026-03-16T16:03:09+00:00\">16 Marzo 2026<\/time>\r\n\t\t\t<span class=\"grve-structured-data\" itemprop=\"mainEntityOfPage\" itemscope itemtype=\"http:\/\/schema.org\/WebPage\" itemid=\"https:\/\/www.sus-mirri.it\/it\/2026\/03\/corso-online-il-sistema-di-pathogen-access-and-benefit-sharing-pabs-guardando-al-trattato-pandemico-who\/\"><\/span>\r\n\t\t<\/span><!-- END grve-hidden -->\r\n\t\t\t\t\t\t\t\t<div itemprop=\"articleBody\"><p>L\u2019Universit\u00e0 degli Studi di Milano-Bicocca organizza un nuovo corso di formazione nell\u2019ambito del programma di training SUS-MIRRI.IT, dedicato al sistema&hellip;<\/p><\/div>\t\t\t\t\t\t<\/div>\r\n\t\t\t\t\t<\/article>\r\n\t\t\t\t<\/div>\r\n\t\t\t\t<div class=\"grve-carousel-item\">\r\n\t\t\t\t\t<article class=\"grve-post-item post-4070 post type-post status-publish format-standard has-post-thumbnail hentry category-eventi category-news-it\" itemscope itemType=\"http:\/\/schema.org\/BlogPosting\">\r\n\t\t\t\t\t\t\t\t<div class=\"grve-media grve-image-hover\">\r\n\t\t\t\t\t\t<a href=\"https:\/\/www.sus-mirri.it\/it\/2026\/03\/sus-mirri-it-a-torino-il-meeting-finale-che-presenta-risultati-e-prospettive-di-ricerca\/\"><img loading=\"lazy\" decoding=\"async\" width=\"600\" height=\"600\" src=\"https:\/\/www.sus-mirri.it\/wp-content\/uploads\/2026\/03\/Programma-Evento-SUS-MIRRI.IT-19-Marzo_page-0001-600x600.jpg\" class=\"attachment-blade-grve-small-square size-blade-grve-small-square wp-post-image\" alt=\"\" srcset=\"https:\/\/www.sus-mirri.it\/wp-content\/uploads\/2026\/03\/Programma-Evento-SUS-MIRRI.IT-19-Marzo_page-0001-600x600.jpg 600w, https:\/\/www.sus-mirri.it\/wp-content\/uploads\/2026\/03\/Programma-Evento-SUS-MIRRI.IT-19-Marzo_page-0001-1120x1120.jpg 1120w\" sizes=\"auto, (max-width: 600px) 100vw, 600px\" \/><\/a>\r\n\t\t\t\r\n\t\t<\/div>\r\n\t\t\t\t\t\t<div class=\"grve-post-content\">\r\n\t\t\t\t\t\t\t<div class=\"grve-post-meta grve-border grve-small-text grve-text-content\">\r\n\t\t\t\t\t\t\t\t\t\t\t<time class=\"grve-post-date\" datetime=\"2026-03-12T14:32:31+00:00\">\r\n\t\t\t\t12 Marzo 2026\t\t\t<\/time>\r\n\t\t\t\t\t\t\t<\/div>\r\n\t\t\t\t\t\t\t<a href=\"https:\/\/www.sus-mirri.it\/it\/2026\/03\/sus-mirri-it-a-torino-il-meeting-finale-che-presenta-risultati-e-prospettive-di-ricerca\/\" rel=\"bookmark\"><h3 class=\"grve-post-title grve-text-hover-primary-1 grve-h6\" itemprop=\"headline\">SUS-MIRRI.IT: a Torino il Meeting Finale che presenta risultati e prospettive di ricerca<\/h3><\/a>\t\t\t\t\t\t\t\t\t<span class=\"grve-hidden\">\r\n\t\t\t<span class=\"grve-structured-data entry-title\">SUS-MIRRI.IT: a Torino il Meeting Finale che presenta risultati e prospettive di ricerca<\/span>\r\n\t\t\t<span class=\"grve-structured-data\" itemprop=\"image\" itemscope itemtype=\"http:\/\/schema.org\/ImageObject\">\r\n\t\t\t   <span itemprop='url' >https:\/\/www.sus-mirri.it\/wp-content\/uploads\/2026\/03\/Programma-Evento-SUS-MIRRI.IT-19-Marzo_page-0001-722x1024.jpg<\/span>\r\n\t\t\t   <span itemprop='height' >722<\/span>\r\n\t\t\t   <span itemprop='width' >1024<\/span>\r\n\t\t\t<\/span>\r\n\t\t\t\t\t\t<span class=\"grve-structured-data vcard author\" itemprop=\"author\" itemscope itemtype=\"http:\/\/schema.org\/Person\">\r\n\t\t\t\t<span itemprop=\"name\" class=\"fn\">SUS-MIRRI.IT<\/span>\r\n\t\t\t<\/span>\r\n\t\t\t<span class=\"grve-structured-data\" itemprop=\"publisher\" itemscope itemtype=\"http:\/\/schema.org\/Organization\">\r\n\t\t\t\t<span itemprop='name'>SUS-MIRRI.IT<\/span>\r\n\t\t\t\t<span itemprop='logo' itemscope itemtype='http:\/\/schema.org\/ImageObject'>\r\n\t\t\t\t\t<span itemprop='url'>\/\/www.sus-mirri.it\/wp-content\/uploads\/2024\/02\/sus-mirri_logo.png<\/span>\r\n\t\t\t\t<\/span>\r\n\t\t\t<\/span>\r\n\t\t\t\t\t\t<time class=\"grve-structured-data date published\" itemprop=\"datePublished\" datetime=\"2026-03-12T14:32:31+00:00\">12 Marzo 2026<\/time>\r\n\t\t\t<time class=\"grve-structured-data date updated\" itemprop=\"dateModified\"  datetime=\"2026-03-12T14:40:43+00:00\">12 Marzo 2026<\/time>\r\n\t\t\t<span class=\"grve-structured-data\" itemprop=\"mainEntityOfPage\" itemscope itemtype=\"http:\/\/schema.org\/WebPage\" itemid=\"https:\/\/www.sus-mirri.it\/it\/2026\/03\/sus-mirri-it-a-torino-il-meeting-finale-che-presenta-risultati-e-prospettive-di-ricerca\/\"><\/span>\r\n\t\t<\/span><!-- END grve-hidden -->\r\n\t\t\t\t\t\t\t\t<div itemprop=\"articleBody\"><p>Il Meeting Finale di SUS-MIRRI.IT rappresenta un momento chiave di restituzione dei risultati progettuali e di confronto sulle prospettive future&hellip;<\/p><\/div>\t\t\t\t\t\t<\/div>\r\n\t\t\t\t\t<\/article>\r\n\t\t\t\t<\/div>\r\n\t\t\t\t<div class=\"grve-carousel-item\">\r\n\t\t\t\t\t<article class=\"grve-post-item post-4033 post type-post status-publish format-standard has-post-thumbnail hentry category-eventi tag-mirri-it tag-sus-mirri-it\" itemscope itemType=\"http:\/\/schema.org\/BlogPosting\">\r\n\t\t\t\t\t\t\t\t<div class=\"grve-media grve-image-hover\">\r\n\t\t\t\t\t\t<a href=\"https:\/\/www.sus-mirri.it\/it\/2026\/03\/sus-mirri-it-meeting-finale-risultati-e-prospettive-future\/\"><img loading=\"lazy\" decoding=\"async\" width=\"600\" height=\"600\" src=\"https:\/\/www.sus-mirri.it\/wp-content\/uploads\/2026\/03\/Copia-di-Copia-di-Sus-mirri-Ricercatore-600x600.png\" class=\"attachment-blade-grve-small-square size-blade-grve-small-square wp-post-image\" alt=\"\" srcset=\"https:\/\/www.sus-mirri.it\/wp-content\/uploads\/2026\/03\/Copia-di-Copia-di-Sus-mirri-Ricercatore-600x600.png 600w, https:\/\/www.sus-mirri.it\/wp-content\/uploads\/2026\/03\/Copia-di-Copia-di-Sus-mirri-Ricercatore-300x300.png 300w, https:\/\/www.sus-mirri.it\/wp-content\/uploads\/2026\/03\/Copia-di-Copia-di-Sus-mirri-Ricercatore-1024x1024.png 1024w, https:\/\/www.sus-mirri.it\/wp-content\/uploads\/2026\/03\/Copia-di-Copia-di-Sus-mirri-Ricercatore-150x150.png 150w, https:\/\/www.sus-mirri.it\/wp-content\/uploads\/2026\/03\/Copia-di-Copia-di-Sus-mirri-Ricercatore-768x768.png 768w, https:\/\/www.sus-mirri.it\/wp-content\/uploads\/2026\/03\/Copia-di-Copia-di-Sus-mirri-Ricercatore.png 1080w\" sizes=\"auto, (max-width: 600px) 100vw, 600px\" \/><\/a>\r\n\t\t\t\r\n\t\t<\/div>\r\n\t\t\t\t\t\t<div class=\"grve-post-content\">\r\n\t\t\t\t\t\t\t<div class=\"grve-post-meta grve-border grve-small-text grve-text-content\">\r\n\t\t\t\t\t\t\t\t\t\t\t<time class=\"grve-post-date\" datetime=\"2026-03-02T09:32:22+00:00\">\r\n\t\t\t\t2 Marzo 2026\t\t\t<\/time>\r\n\t\t\t\t\t\t\t<\/div>\r\n\t\t\t\t\t\t\t<a href=\"https:\/\/www.sus-mirri.it\/it\/2026\/03\/sus-mirri-it-meeting-finale-risultati-e-prospettive-future\/\" rel=\"bookmark\"><h3 class=\"grve-post-title grve-text-hover-primary-1 grve-h6\" itemprop=\"headline\">SUS-MIRRI.IT\u00a0Meeting Finale: RISULTATI E PROSPETTIVE FUTURE<\/h3><\/a>\t\t\t\t\t\t\t\t\t<span class=\"grve-hidden\">\r\n\t\t\t<span class=\"grve-structured-data entry-title\">SUS-MIRRI.IT\u00a0Meeting Finale: RISULTATI E PROSPETTIVE FUTURE<\/span>\r\n\t\t\t<span class=\"grve-structured-data\" itemprop=\"image\" itemscope itemtype=\"http:\/\/schema.org\/ImageObject\">\r\n\t\t\t   <span itemprop='url' >https:\/\/www.sus-mirri.it\/wp-content\/uploads\/2026\/03\/Copia-di-Copia-di-Sus-mirri-Ricercatore-1024x1024.png<\/span>\r\n\t\t\t   <span itemprop='height' >1024<\/span>\r\n\t\t\t   <span itemprop='width' >1024<\/span>\r\n\t\t\t<\/span>\r\n\t\t\t\t\t\t<span class=\"grve-structured-data vcard author\" itemprop=\"author\" itemscope itemtype=\"http:\/\/schema.org\/Person\">\r\n\t\t\t\t<span itemprop=\"name\" class=\"fn\">SUS-MIRRI.IT<\/span>\r\n\t\t\t<\/span>\r\n\t\t\t<span class=\"grve-structured-data\" itemprop=\"publisher\" itemscope itemtype=\"http:\/\/schema.org\/Organization\">\r\n\t\t\t\t<span itemprop='name'>SUS-MIRRI.IT<\/span>\r\n\t\t\t\t<span itemprop='logo' itemscope itemtype='http:\/\/schema.org\/ImageObject'>\r\n\t\t\t\t\t<span itemprop='url'>\/\/www.sus-mirri.it\/wp-content\/uploads\/2024\/02\/sus-mirri_logo.png<\/span>\r\n\t\t\t\t<\/span>\r\n\t\t\t<\/span>\r\n\t\t\t\t\t\t<time class=\"grve-structured-data date published\" itemprop=\"datePublished\" datetime=\"2026-03-02T09:32:22+00:00\">2 Marzo 2026<\/time>\r\n\t\t\t<time class=\"grve-structured-data date updated\" itemprop=\"dateModified\"  datetime=\"2026-03-12T14:26:00+00:00\">12 Marzo 2026<\/time>\r\n\t\t\t<span class=\"grve-structured-data\" itemprop=\"mainEntityOfPage\" itemscope itemtype=\"http:\/\/schema.org\/WebPage\" itemid=\"https:\/\/www.sus-mirri.it\/it\/2026\/03\/sus-mirri-it-meeting-finale-risultati-e-prospettive-future\/\"><\/span>\r\n\t\t<\/span><!-- END grve-hidden -->\r\n\t\t\t\t\t\t\t\t<div itemprop=\"articleBody\"><p>Il Meeting Finale di SUS-MIRRI.IT rappresenta un momento chiave di restituzione dei risultati progettuali e di confronto sulle prospettive future&hellip;<\/p><\/div>\t\t\t\t\t\t<\/div>\r\n\t\t\t\t\t<\/article>\r\n\t\t\t\t<\/div>\r\n\t\t\t<\/div>\r\n\t\t<\/div>\r\n<div class=\"grve-element grve-align-center\"><a href=\"https:\/\/www.sus-mirri.it\/it\/category\/eventi\/\" class=\"grve-btn grve-btn-medium grve-square grve-bg-primary-1 grve-bg-hover-primary-2\"><span>Vedi tutto<\/span><\/a><\/div>[\/vc_column][\/vc_row][vc_row section_type=&#8221;fullwidth&#8221;][vc_column]<div class=\"grve-element grve-hr \" style=\"padding-top: 30px;padding-bottom: 60px;\"><span class=\"grve-title-line grve-bg-primary-2\" style=\"width: 100%;height: 1px;\"><\/span><\/div>[\/vc_column][\/vc_row][vc_row][vc_column]<h3 class=\"grve-element grve-title grve-align-center grve-h3\" style=\"\"><span>ULTIME NOTIZIE<span class=\"grve-title-line grve-bg-primary-2\" style=\"width: 50px;height: 2px;\"><\/span><\/span><\/h3>\t\t<div class=\"grve-element grve-with-gap grve-carousel-pagination-1 grve-carousel-wrapper\" style=\"\" >\r\n<div class=\"grve-carousel-navigation grve-dark grve-navigation-1 grve-navigation-carousel\">\t<div class=\"grve-carousel-buttons\">\t\t<div class=\"grve-carousel-prev\">\t\t\t<i class=\"grve-icon-arrow-left-alt\"><\/i>\t\t<\/div>\t\t<div class=\"grve-carousel-next\">\t\t\t<i class=\"grve-icon-arrow-right-alt\"><\/i>\t\t<\/div>\t<\/div><\/div>\r\n\t\t\t<div class=\"grve-carousel grve-blog-carousel grve-carousel-element\" data-items=\"3\" data-slider-speed=\"6000\" data-slider-pause=\"no\" data-pagination-speed=\"400\" data-pagination=\"yes\" data-slider-autoplay=\"no\" data-gutter-size=\"40\">\r\n\t\t\t\t<div class=\"grve-carousel-item\">\r\n\t\t\t\t\t<article class=\"grve-post-item post-4319 post type-post status-publish format-standard has-post-thumbnail hentry category-news-it\" itemscope itemType=\"http:\/\/schema.org\/BlogPosting\">\r\n\t\t\t\t\t\t\t\t<div class=\"grve-media grve-image-hover\">\r\n\t\t\t\t\t\t<a href=\"https:\/\/www.sus-mirri.it\/it\/2026\/04\/genomic-and-functional-insights-into-the-thermophilic-strain-geobacillus-sp-geo-8-1-a-source-of-thermostable-xylanase-for-sustainable-bioprocesses\/\"><img loading=\"lazy\" decoding=\"async\" width=\"800\" height=\"600\" src=\"https:\/\/www.sus-mirri.it\/wp-content\/uploads\/2026\/04\/SUS-MIRRI-2-3-800x600.png\" class=\"attachment-blade-grve-small-rect-horizontal size-blade-grve-small-rect-horizontal wp-post-image\" alt=\"\" \/><\/a>\r\n\t\t\t\r\n\t\t<\/div>\r\n\t\t\t\t\t\t<div class=\"grve-post-content\">\r\n\t\t\t\t\t\t\t<div class=\"grve-post-meta grve-border grve-small-text grve-text-content\">\r\n\t\t\t\t\t\t\t\t\t\t\t<time class=\"grve-post-date\" datetime=\"2026-04-27T07:00:17+00:00\">\r\n\t\t\t\t27 Aprile 2026\t\t\t<\/time>\r\n\t\t\t\t\t\t\t<\/div>\r\n\t\t\t\t\t\t\t<a href=\"https:\/\/www.sus-mirri.it\/it\/2026\/04\/genomic-and-functional-insights-into-the-thermophilic-strain-geobacillus-sp-geo-8-1-a-source-of-thermostable-xylanase-for-sustainable-bioprocesses\/\" rel=\"bookmark\"><h3 class=\"grve-post-title grve-text-hover-primary-1 grve-h6\" itemprop=\"headline\">Genomic and functional insights into the thermophilic strain Geobacillus sp. Geo 8.1: a source of thermostable xylanase for sustainable bioprocesses<\/h3><\/a>\t\t\t\t\t\t\t\t\t<span class=\"grve-hidden\">\r\n\t\t\t<span class=\"grve-structured-data entry-title\">Genomic and functional insights into the thermophilic strain Geobacillus sp. Geo 8.1: a source of thermostable xylanase for sustainable bioprocesses<\/span>\r\n\t\t\t<span class=\"grve-structured-data\" itemprop=\"image\" itemscope itemtype=\"http:\/\/schema.org\/ImageObject\">\r\n\t\t\t   <span itemprop='url' >https:\/\/www.sus-mirri.it\/wp-content\/uploads\/2026\/04\/SUS-MIRRI-2-3-1024x1024.png<\/span>\r\n\t\t\t   <span itemprop='height' >1024<\/span>\r\n\t\t\t   <span itemprop='width' >1024<\/span>\r\n\t\t\t<\/span>\r\n\t\t\t\t\t\t<span class=\"grve-structured-data vcard author\" itemprop=\"author\" itemscope itemtype=\"http:\/\/schema.org\/Person\">\r\n\t\t\t\t<span itemprop=\"name\" class=\"fn\">SUS-MIRRI.IT<\/span>\r\n\t\t\t<\/span>\r\n\t\t\t<span class=\"grve-structured-data\" itemprop=\"publisher\" itemscope itemtype=\"http:\/\/schema.org\/Organization\">\r\n\t\t\t\t<span itemprop='name'>SUS-MIRRI.IT<\/span>\r\n\t\t\t\t<span itemprop='logo' itemscope itemtype='http:\/\/schema.org\/ImageObject'>\r\n\t\t\t\t\t<span itemprop='url'>\/\/www.sus-mirri.it\/wp-content\/uploads\/2024\/02\/sus-mirri_logo.png<\/span>\r\n\t\t\t\t<\/span>\r\n\t\t\t<\/span>\r\n\t\t\t\t\t\t<time class=\"grve-structured-data date published\" itemprop=\"datePublished\" datetime=\"2026-04-27T07:00:17+00:00\">27 Aprile 2026<\/time>\r\n\t\t\t<time class=\"grve-structured-data date updated\" itemprop=\"dateModified\"  datetime=\"2026-04-27T07:01:29+00:00\">27 Aprile 2026<\/time>\r\n\t\t\t<span class=\"grve-structured-data\" itemprop=\"mainEntityOfPage\" itemscope itemtype=\"http:\/\/schema.org\/WebPage\" itemid=\"https:\/\/www.sus-mirri.it\/it\/2026\/04\/genomic-and-functional-insights-into-the-thermophilic-strain-geobacillus-sp-geo-8-1-a-source-of-thermostable-xylanase-for-sustainable-bioprocesses\/\"><\/span>\r\n\t\t<\/span><!-- END grve-hidden -->\r\n\t\t\t\t\t\t\t\t<div itemprop=\"articleBody\"><p>Song\u00fcl Ya\u015far Y\u0131ld\u0131z, Ilaria Finore, Bora Ceylan, Do\u011fa Uma\u00e7, Ceyda Kasavi, Gennaro Finore, Antonio Federico, Francesco Nizzolino, Luigi Leone, Annarita&hellip;<\/p><\/div>\t\t\t\t\t\t<\/div>\r\n\t\t\t\t\t<\/article>\r\n\t\t\t\t<\/div>\r\n\t\t\t\t<div class=\"grve-carousel-item\">\r\n\t\t\t\t\t<article class=\"grve-post-item post-4312 post type-post status-publish format-standard has-post-thumbnail hentry category-news-it\" itemscope itemType=\"http:\/\/schema.org\/BlogPosting\">\r\n\t\t\t\t\t\t\t\t<div class=\"grve-media grve-image-hover\">\r\n\t\t\t\t\t\t<a href=\"https:\/\/www.sus-mirri.it\/it\/2026\/04\/aou-san-luigi-gonzaga-al-via-una-nuova-ricerca-sul-microbiota-orale-nella-sclerosi-multipla\/\"><img loading=\"lazy\" decoding=\"async\" width=\"800\" height=\"600\" src=\"https:\/\/www.sus-mirri.it\/wp-content\/uploads\/2026\/04\/ChatGPT-Image-27-apr-2026-08_38_48-800x600.png\" class=\"attachment-blade-grve-small-rect-horizontal size-blade-grve-small-rect-horizontal wp-post-image\" alt=\"\" \/><\/a>\r\n\t\t\t\r\n\t\t<\/div>\r\n\t\t\t\t\t\t<div class=\"grve-post-content\">\r\n\t\t\t\t\t\t\t<div class=\"grve-post-meta grve-border grve-small-text grve-text-content\">\r\n\t\t\t\t\t\t\t\t\t\t\t<time class=\"grve-post-date\" datetime=\"2026-04-27T06:42:24+00:00\">\r\n\t\t\t\t27 Aprile 2026\t\t\t<\/time>\r\n\t\t\t\t\t\t\t<\/div>\r\n\t\t\t\t\t\t\t<a href=\"https:\/\/www.sus-mirri.it\/it\/2026\/04\/aou-san-luigi-gonzaga-al-via-una-nuova-ricerca-sul-microbiota-orale-nella-sclerosi-multipla\/\" rel=\"bookmark\"><h3 class=\"grve-post-title grve-text-hover-primary-1 grve-h6\" itemprop=\"headline\">AOU San Luigi Gonzaga: al via una nuova ricerca sul microbiota orale nella sclerosi multipla<\/h3><\/a>\t\t\t\t\t\t\t\t\t<span class=\"grve-hidden\">\r\n\t\t\t<span class=\"grve-structured-data entry-title\">AOU San Luigi Gonzaga: al via una nuova ricerca sul microbiota orale nella sclerosi multipla<\/span>\r\n\t\t\t<span class=\"grve-structured-data\" itemprop=\"image\" itemscope itemtype=\"http:\/\/schema.org\/ImageObject\">\r\n\t\t\t   <span itemprop='url' >https:\/\/www.sus-mirri.it\/wp-content\/uploads\/2026\/04\/ChatGPT-Image-27-apr-2026-08_38_48-1024x683.png<\/span>\r\n\t\t\t   <span itemprop='height' >1024<\/span>\r\n\t\t\t   <span itemprop='width' >683<\/span>\r\n\t\t\t<\/span>\r\n\t\t\t\t\t\t<span class=\"grve-structured-data vcard author\" itemprop=\"author\" itemscope itemtype=\"http:\/\/schema.org\/Person\">\r\n\t\t\t\t<span itemprop=\"name\" class=\"fn\">SUS-MIRRI.IT<\/span>\r\n\t\t\t<\/span>\r\n\t\t\t<span class=\"grve-structured-data\" itemprop=\"publisher\" itemscope itemtype=\"http:\/\/schema.org\/Organization\">\r\n\t\t\t\t<span itemprop='name'>SUS-MIRRI.IT<\/span>\r\n\t\t\t\t<span itemprop='logo' itemscope itemtype='http:\/\/schema.org\/ImageObject'>\r\n\t\t\t\t\t<span itemprop='url'>\/\/www.sus-mirri.it\/wp-content\/uploads\/2024\/02\/sus-mirri_logo.png<\/span>\r\n\t\t\t\t<\/span>\r\n\t\t\t<\/span>\r\n\t\t\t\t\t\t<time class=\"grve-structured-data date published\" itemprop=\"datePublished\" datetime=\"2026-04-27T06:42:24+00:00\">27 Aprile 2026<\/time>\r\n\t\t\t<time class=\"grve-structured-data date updated\" itemprop=\"dateModified\"  datetime=\"2026-04-27T06:47:41+00:00\">27 Aprile 2026<\/time>\r\n\t\t\t<span class=\"grve-structured-data\" itemprop=\"mainEntityOfPage\" itemscope itemtype=\"http:\/\/schema.org\/WebPage\" itemid=\"https:\/\/www.sus-mirri.it\/it\/2026\/04\/aou-san-luigi-gonzaga-al-via-una-nuova-ricerca-sul-microbiota-orale-nella-sclerosi-multipla\/\"><\/span>\r\n\t\t<\/span><!-- END grve-hidden -->\r\n\t\t\t\t\t\t\t\t<div itemprop=\"articleBody\"><p>Un importante riconoscimento alla ricerca dell\u2019AOU San Luigi Gonzaga e dell\u2019Universit\u00e0 degli Studi di Torino arriva con il finanziamento assegnato&hellip;<\/p><\/div>\t\t\t\t\t\t<\/div>\r\n\t\t\t\t\t<\/article>\r\n\t\t\t\t<\/div>\r\n\t\t\t\t<div class=\"grve-carousel-item\">\r\n\t\t\t\t\t<article class=\"grve-post-item post-4305 post type-post status-publish format-standard has-post-thumbnail hentry category-news-it\" itemscope itemType=\"http:\/\/schema.org\/BlogPosting\">\r\n\t\t\t\t\t\t\t\t<div class=\"grve-media grve-image-hover\">\r\n\t\t\t\t\t\t<a href=\"https:\/\/www.sus-mirri.it\/it\/2026\/04\/mirri-italy-at-the-workshop-research-infrastructures-for-innovation\/\"><img loading=\"lazy\" decoding=\"async\" width=\"800\" height=\"600\" src=\"https:\/\/www.sus-mirri.it\/wp-content\/uploads\/2026\/04\/1000110969-800x600.jpg\" class=\"attachment-blade-grve-small-rect-horizontal size-blade-grve-small-rect-horizontal wp-post-image\" alt=\"\" \/><\/a>\r\n\t\t\t\r\n\t\t<\/div>\r\n\t\t\t\t\t\t<div class=\"grve-post-content\">\r\n\t\t\t\t\t\t\t<div class=\"grve-post-meta grve-border grve-small-text grve-text-content\">\r\n\t\t\t\t\t\t\t\t\t\t\t<time class=\"grve-post-date\" datetime=\"2026-04-27T06:36:56+00:00\">\r\n\t\t\t\t27 Aprile 2026\t\t\t<\/time>\r\n\t\t\t\t\t\t\t<\/div>\r\n\t\t\t\t\t\t\t<a href=\"https:\/\/www.sus-mirri.it\/it\/2026\/04\/mirri-italy-at-the-workshop-research-infrastructures-for-innovation\/\" rel=\"bookmark\"><h3 class=\"grve-post-title grve-text-hover-primary-1 grve-h6\" itemprop=\"headline\">MIRRI Italy at the Workshop \u201cResearch Infrastructures for Innovation\u201d<\/h3><\/a>\t\t\t\t\t\t\t\t\t<span class=\"grve-hidden\">\r\n\t\t\t<span class=\"grve-structured-data entry-title\">MIRRI Italy at the Workshop \u201cResearch Infrastructures for Innovation\u201d<\/span>\r\n\t\t\t<span class=\"grve-structured-data\" itemprop=\"image\" itemscope itemtype=\"http:\/\/schema.org\/ImageObject\">\r\n\t\t\t   <span itemprop='url' >https:\/\/www.sus-mirri.it\/wp-content\/uploads\/2026\/04\/1000110969-1024x461.jpg<\/span>\r\n\t\t\t   <span itemprop='height' >1024<\/span>\r\n\t\t\t   <span itemprop='width' >461<\/span>\r\n\t\t\t<\/span>\r\n\t\t\t\t\t\t<span class=\"grve-structured-data vcard author\" itemprop=\"author\" itemscope itemtype=\"http:\/\/schema.org\/Person\">\r\n\t\t\t\t<span itemprop=\"name\" class=\"fn\">SUS-MIRRI.IT<\/span>\r\n\t\t\t<\/span>\r\n\t\t\t<span class=\"grve-structured-data\" itemprop=\"publisher\" itemscope itemtype=\"http:\/\/schema.org\/Organization\">\r\n\t\t\t\t<span itemprop='name'>SUS-MIRRI.IT<\/span>\r\n\t\t\t\t<span itemprop='logo' itemscope itemtype='http:\/\/schema.org\/ImageObject'>\r\n\t\t\t\t\t<span itemprop='url'>\/\/www.sus-mirri.it\/wp-content\/uploads\/2024\/02\/sus-mirri_logo.png<\/span>\r\n\t\t\t\t<\/span>\r\n\t\t\t<\/span>\r\n\t\t\t\t\t\t<time class=\"grve-structured-data date published\" itemprop=\"datePublished\" datetime=\"2026-04-27T06:36:56+00:00\">27 Aprile 2026<\/time>\r\n\t\t\t<time class=\"grve-structured-data date updated\" itemprop=\"dateModified\"  datetime=\"2026-04-27T06:38:01+00:00\">27 Aprile 2026<\/time>\r\n\t\t\t<span class=\"grve-structured-data\" itemprop=\"mainEntityOfPage\" itemscope itemtype=\"http:\/\/schema.org\/WebPage\" itemid=\"https:\/\/www.sus-mirri.it\/it\/2026\/04\/mirri-italy-at-the-workshop-research-infrastructures-for-innovation\/\"><\/span>\r\n\t\t<\/span><!-- END grve-hidden -->\r\n\t\t\t\t\t\t\t\t<div itemprop=\"articleBody\"><p>We are pleased to share that MIRRI Italy participated in the workshop \u201cResearch Infrastructures for Innovation\u201d, held on 22 April&hellip;<\/p><\/div>\t\t\t\t\t\t<\/div>\r\n\t\t\t\t\t<\/article>\r\n\t\t\t\t<\/div>\r\n\t\t\t\t<div class=\"grve-carousel-item\">\r\n\t\t\t\t\t<article class=\"grve-post-item post-4294 post type-post status-publish format-standard has-post-thumbnail hentry category-news-it\" itemscope itemType=\"http:\/\/schema.org\/BlogPosting\">\r\n\t\t\t\t\t\t\t\t<div class=\"grve-media grve-image-hover\">\r\n\t\t\t\t\t\t<a href=\"https:\/\/www.sus-mirri.it\/it\/2026\/04\/do-soil-microbes-drive-the-trade-off-between-c-sequestration-and-non-co2-ghg-emissions-in-eu-agricultural-soils-a-systematic-review\/\"><img loading=\"lazy\" decoding=\"async\" width=\"800\" height=\"600\" src=\"https:\/\/www.sus-mirri.it\/wp-content\/uploads\/2026\/04\/SUS-MIRRI-2-2-800x600.png\" class=\"attachment-blade-grve-small-rect-horizontal size-blade-grve-small-rect-horizontal wp-post-image\" alt=\"\" \/><\/a>\r\n\t\t\t\r\n\t\t<\/div>\r\n\t\t\t\t\t\t<div class=\"grve-post-content\">\r\n\t\t\t\t\t\t\t<div class=\"grve-post-meta grve-border grve-small-text grve-text-content\">\r\n\t\t\t\t\t\t\t\t\t\t\t<time class=\"grve-post-date\" datetime=\"2026-04-22T13:32:30+00:00\">\r\n\t\t\t\t22 Aprile 2026\t\t\t<\/time>\r\n\t\t\t\t\t\t\t<\/div>\r\n\t\t\t\t\t\t\t<a href=\"https:\/\/www.sus-mirri.it\/it\/2026\/04\/do-soil-microbes-drive-the-trade-off-between-c-sequestration-and-non-co2-ghg-emissions-in-eu-agricultural-soils-a-systematic-review\/\" rel=\"bookmark\"><h3 class=\"grve-post-title grve-text-hover-primary-1 grve-h6\" itemprop=\"headline\">Do Soil Microbes Drive the Trade-Off Between C Sequestration and Non-CO2 GHG Emissions in EU Agricultural Soils? A Systematic Review<\/h3><\/a>\t\t\t\t\t\t\t\t\t<span class=\"grve-hidden\">\r\n\t\t\t<span class=\"grve-structured-data entry-title\">Do Soil Microbes Drive the Trade-Off Between C Sequestration and Non-CO2 GHG Emissions in EU Agricultural Soils? A Systematic Review<\/span>\r\n\t\t\t<span class=\"grve-structured-data\" itemprop=\"image\" itemscope itemtype=\"http:\/\/schema.org\/ImageObject\">\r\n\t\t\t   <span itemprop='url' >https:\/\/www.sus-mirri.it\/wp-content\/uploads\/2026\/04\/SUS-MIRRI-2-2-1024x1024.png<\/span>\r\n\t\t\t   <span itemprop='height' >1024<\/span>\r\n\t\t\t   <span itemprop='width' >1024<\/span>\r\n\t\t\t<\/span>\r\n\t\t\t\t\t\t<span class=\"grve-structured-data vcard author\" itemprop=\"author\" itemscope itemtype=\"http:\/\/schema.org\/Person\">\r\n\t\t\t\t<span itemprop=\"name\" class=\"fn\">SUS-MIRRI.IT<\/span>\r\n\t\t\t<\/span>\r\n\t\t\t<span class=\"grve-structured-data\" itemprop=\"publisher\" itemscope itemtype=\"http:\/\/schema.org\/Organization\">\r\n\t\t\t\t<span itemprop='name'>SUS-MIRRI.IT<\/span>\r\n\t\t\t\t<span itemprop='logo' itemscope itemtype='http:\/\/schema.org\/ImageObject'>\r\n\t\t\t\t\t<span itemprop='url'>\/\/www.sus-mirri.it\/wp-content\/uploads\/2024\/02\/sus-mirri_logo.png<\/span>\r\n\t\t\t\t<\/span>\r\n\t\t\t<\/span>\r\n\t\t\t\t\t\t<time class=\"grve-structured-data date published\" itemprop=\"datePublished\" datetime=\"2026-04-22T13:32:30+00:00\">22 Aprile 2026<\/time>\r\n\t\t\t<time class=\"grve-structured-data date updated\" itemprop=\"dateModified\"  datetime=\"2026-04-22T13:32:43+00:00\">22 Aprile 2026<\/time>\r\n\t\t\t<span class=\"grve-structured-data\" itemprop=\"mainEntityOfPage\" itemscope itemtype=\"http:\/\/schema.org\/WebPage\" itemid=\"https:\/\/www.sus-mirri.it\/it\/2026\/04\/do-soil-microbes-drive-the-trade-off-between-c-sequestration-and-non-co2-ghg-emissions-in-eu-agricultural-soils-a-systematic-review\/\"><\/span>\r\n\t\t<\/span><!-- END grve-hidden -->\r\n\t\t\t\t\t\t\t\t<div itemprop=\"articleBody\"><p>Arianna Latini, Luciana Di Gregorio, Elena Valkama, Manuela Costanzo, Peter Maenhout, Marjetka Suhadolc, Francesco Vitali, Stefano Mocali, Alessandra Lagomarsino, Annamaria&hellip;<\/p><\/div>\t\t\t\t\t\t<\/div>\r\n\t\t\t\t\t<\/article>\r\n\t\t\t\t<\/div>\r\n\t\t\t\t<div class=\"grve-carousel-item\">\r\n\t\t\t\t\t<article class=\"grve-post-item post-4252 post type-post status-publish format-standard has-post-thumbnail hentry category-news-it\" itemscope itemType=\"http:\/\/schema.org\/BlogPosting\">\r\n\t\t\t\t\t\t\t\t<div class=\"grve-media grve-image-hover\">\r\n\t\t\t\t\t\t<a href=\"https:\/\/www.sus-mirri.it\/it\/2026\/04\/strengthening-microbial-culture-collections-insights-from-the-sus-mirri-it-survey\/\"><img loading=\"lazy\" decoding=\"async\" width=\"800\" height=\"600\" src=\"https:\/\/www.sus-mirri.it\/wp-content\/uploads\/2026\/04\/Copia-di-Copia-di-Sus-mirri-Ricercatore-800x600.png\" class=\"attachment-blade-grve-small-rect-horizontal size-blade-grve-small-rect-horizontal wp-post-image\" alt=\"\" \/><\/a>\r\n\t\t\t\r\n\t\t<\/div>\r\n\t\t\t\t\t\t<div class=\"grve-post-content\">\r\n\t\t\t\t\t\t\t<div class=\"grve-post-meta grve-border grve-small-text grve-text-content\">\r\n\t\t\t\t\t\t\t\t\t\t\t<time class=\"grve-post-date\" datetime=\"2026-04-16T15:01:08+00:00\">\r\n\t\t\t\t16 Aprile 2026\t\t\t<\/time>\r\n\t\t\t\t\t\t\t<\/div>\r\n\t\t\t\t\t\t\t<a href=\"https:\/\/www.sus-mirri.it\/it\/2026\/04\/strengthening-microbial-culture-collections-insights-from-the-sus-mirri-it-survey\/\" rel=\"bookmark\"><h3 class=\"grve-post-title grve-text-hover-primary-1 grve-h6\" itemprop=\"headline\">Strengthening Microbial Culture Collections: Insights from the SUS-MIRRI.IT Survey<\/h3><\/a>\t\t\t\t\t\t\t\t\t<span class=\"grve-hidden\">\r\n\t\t\t<span class=\"grve-structured-data entry-title\">Strengthening Microbial Culture Collections: Insights from the SUS-MIRRI.IT Survey<\/span>\r\n\t\t\t<span class=\"grve-structured-data\" itemprop=\"image\" itemscope itemtype=\"http:\/\/schema.org\/ImageObject\">\r\n\t\t\t   <span itemprop='url' >https:\/\/www.sus-mirri.it\/wp-content\/uploads\/2026\/04\/Copia-di-Copia-di-Sus-mirri-Ricercatore-1024x1024.png<\/span>\r\n\t\t\t   <span itemprop='height' >1024<\/span>\r\n\t\t\t   <span itemprop='width' >1024<\/span>\r\n\t\t\t<\/span>\r\n\t\t\t\t\t\t<span class=\"grve-structured-data vcard author\" itemprop=\"author\" itemscope itemtype=\"http:\/\/schema.org\/Person\">\r\n\t\t\t\t<span itemprop=\"name\" class=\"fn\">SUS-MIRRI.IT<\/span>\r\n\t\t\t<\/span>\r\n\t\t\t<span class=\"grve-structured-data\" itemprop=\"publisher\" itemscope itemtype=\"http:\/\/schema.org\/Organization\">\r\n\t\t\t\t<span itemprop='name'>SUS-MIRRI.IT<\/span>\r\n\t\t\t\t<span itemprop='logo' itemscope itemtype='http:\/\/schema.org\/ImageObject'>\r\n\t\t\t\t\t<span itemprop='url'>\/\/www.sus-mirri.it\/wp-content\/uploads\/2024\/02\/sus-mirri_logo.png<\/span>\r\n\t\t\t\t<\/span>\r\n\t\t\t<\/span>\r\n\t\t\t\t\t\t<time class=\"grve-structured-data date published\" itemprop=\"datePublished\" datetime=\"2026-04-16T15:01:08+00:00\">16 Aprile 2026<\/time>\r\n\t\t\t<time class=\"grve-structured-data date updated\" itemprop=\"dateModified\"  datetime=\"2026-04-16T15:04:42+00:00\">16 Aprile 2026<\/time>\r\n\t\t\t<span class=\"grve-structured-data\" itemprop=\"mainEntityOfPage\" itemscope itemtype=\"http:\/\/schema.org\/WebPage\" itemid=\"https:\/\/www.sus-mirri.it\/it\/2026\/04\/strengthening-microbial-culture-collections-insights-from-the-sus-mirri-it-survey\/\"><\/span>\r\n\t\t<\/span><!-- END grve-hidden -->\r\n\t\t\t\t\t\t\t\t<div itemprop=\"articleBody\"><p>The SUS-MIRRI.IT project continues to advance the Italian research infrastructure for sustainable bioscience and bioeconomy through a comprehensive assessment of&hellip;<\/p><\/div>\t\t\t\t\t\t<\/div>\r\n\t\t\t\t\t<\/article>\r\n\t\t\t\t<\/div>\r\n\t\t\t\t<div class=\"grve-carousel-item\">\r\n\t\t\t\t\t<article class=\"grve-post-item post-4236 post type-post status-publish format-standard has-post-thumbnail hentry category-news-it\" itemscope itemType=\"http:\/\/schema.org\/BlogPosting\">\r\n\t\t\t\t\t\t\t\t<div class=\"grve-media grve-image-hover\">\r\n\t\t\t\t\t\t<a href=\"https:\/\/www.sus-mirri.it\/it\/2026\/04\/in-vitro-evaluation-of-the-bioactive-potential-of-commercial-pepper-essential-oils\/\"><img loading=\"lazy\" decoding=\"async\" width=\"800\" height=\"600\" src=\"https:\/\/www.sus-mirri.it\/wp-content\/uploads\/2026\/04\/SUS-MIRRI-1-1-800x600.png\" class=\"attachment-blade-grve-small-rect-horizontal size-blade-grve-small-rect-horizontal wp-post-image\" alt=\"\" \/><\/a>\r\n\t\t\t\r\n\t\t<\/div>\r\n\t\t\t\t\t\t<div class=\"grve-post-content\">\r\n\t\t\t\t\t\t\t<div class=\"grve-post-meta grve-border grve-small-text grve-text-content\">\r\n\t\t\t\t\t\t\t\t\t\t\t<time class=\"grve-post-date\" datetime=\"2026-04-14T09:08:12+00:00\">\r\n\t\t\t\t14 Aprile 2026\t\t\t<\/time>\r\n\t\t\t\t\t\t\t<\/div>\r\n\t\t\t\t\t\t\t<a href=\"https:\/\/www.sus-mirri.it\/it\/2026\/04\/in-vitro-evaluation-of-the-bioactive-potential-of-commercial-pepper-essential-oils\/\" rel=\"bookmark\"><h3 class=\"grve-post-title grve-text-hover-primary-1 grve-h6\" itemprop=\"headline\">In Vitro Evaluation of the Bioactive Potential of Commercial Pepper Essential Oils<\/h3><\/a>\t\t\t\t\t\t\t\t\t<span class=\"grve-hidden\">\r\n\t\t\t<span class=\"grve-structured-data entry-title\">In Vitro Evaluation of the Bioactive Potential of Commercial Pepper Essential Oils<\/span>\r\n\t\t\t<span class=\"grve-structured-data\" itemprop=\"image\" itemscope itemtype=\"http:\/\/schema.org\/ImageObject\">\r\n\t\t\t   <span itemprop='url' >https:\/\/www.sus-mirri.it\/wp-content\/uploads\/2026\/04\/SUS-MIRRI-1-1-1024x1024.png<\/span>\r\n\t\t\t   <span itemprop='height' >1024<\/span>\r\n\t\t\t   <span itemprop='width' >1024<\/span>\r\n\t\t\t<\/span>\r\n\t\t\t\t\t\t<span class=\"grve-structured-data vcard author\" itemprop=\"author\" itemscope itemtype=\"http:\/\/schema.org\/Person\">\r\n\t\t\t\t<span itemprop=\"name\" class=\"fn\">SUS-MIRRI.IT<\/span>\r\n\t\t\t<\/span>\r\n\t\t\t<span class=\"grve-structured-data\" itemprop=\"publisher\" itemscope itemtype=\"http:\/\/schema.org\/Organization\">\r\n\t\t\t\t<span itemprop='name'>SUS-MIRRI.IT<\/span>\r\n\t\t\t\t<span itemprop='logo' itemscope itemtype='http:\/\/schema.org\/ImageObject'>\r\n\t\t\t\t\t<span itemprop='url'>\/\/www.sus-mirri.it\/wp-content\/uploads\/2024\/02\/sus-mirri_logo.png<\/span>\r\n\t\t\t\t<\/span>\r\n\t\t\t<\/span>\r\n\t\t\t\t\t\t<time class=\"grve-structured-data date published\" itemprop=\"datePublished\" datetime=\"2026-04-14T09:08:12+00:00\">14 Aprile 2026<\/time>\r\n\t\t\t<time class=\"grve-structured-data date updated\" itemprop=\"dateModified\"  datetime=\"2026-04-14T09:24:25+00:00\">14 Aprile 2026<\/time>\r\n\t\t\t<span class=\"grve-structured-data\" itemprop=\"mainEntityOfPage\" itemscope itemtype=\"http:\/\/schema.org\/WebPage\" itemid=\"https:\/\/www.sus-mirri.it\/it\/2026\/04\/in-vitro-evaluation-of-the-bioactive-potential-of-commercial-pepper-essential-oils\/\"><\/span>\r\n\t\t<\/span><!-- END grve-hidden -->\r\n\t\t\t\t\t\t\t\t<div itemprop=\"articleBody\"><p>Fratianni, F., Amato, G., Coppola, F., Ombra, M. N., Martino, L. D., Feo, V. D., &amp; Nazzaro, F. 2026 In&hellip;<\/p><\/div>\t\t\t\t\t\t<\/div>\r\n\t\t\t\t\t<\/article>\r\n\t\t\t\t<\/div>\r\n\t\t\t<\/div>\r\n\t\t<\/div>\r\n<div class=\"grve-element grve-align-center\"><a href=\"https:\/\/www.sus-mirri.it\/it\/category\/news-it\/\" class=\"grve-btn grve-btn-medium grve-square grve-bg-primary-1 grve-bg-hover-primary-2\"><span>Vedi tutto<\/span><\/a><\/div>[vc_empty_space height=&#8221;60px&#8221;][\/vc_column][\/vc_row]<\/p>\n<\/div>","protected":false},"excerpt":{"rendered":"<p>[vc_row][vc_column width=&#8221;1\/2&#8243;][vc_column_text text_style=&#8221;subtitle&#8221;]SUS-MIRRI.IT[\/vc_column_text][vc_column_text][\/vc_column_text][\/vc_column][vc_column width=&#8221;1\/2&#8243;][vc_column_text]SUS-MIRRI.IT svilupper\u00e0 Ricerca, Servizi e Formazione nell\u2019ambito della rete italiana delle collezioni microbiche MIRRI-IT. Mediante il progetto, puntiamo ad incrementare le biorisorse conservate presso le Infrastrutture di Ricerca MIRRI-IT, migliorandone la caratterizzazione e ottimizzandone la gestione, in modo da valorizzarne il potenziale genomico e metabolico. SUS-MIRRI.IT, finanziato dal Piano Nazionale di Ripresa [&hellip;]<\/p>\n","protected":false},"author":1,"featured_media":0,"parent":0,"menu_order":0,"comment_status":"closed","ping_status":"closed","template":"","meta":{"inline_featured_image":false,"_uag_custom_page_level_css":"","footnotes":""},"class_list":["post-1727","page","type-page","status-publish","hentry"],"uagb_featured_image_src":{"full":false,"thumbnail":false,"medium":false,"medium_large":false,"large":false,"1536x1536":false,"2048x2048":false,"blade-grve-large-rect-horizontal":false,"blade-grve-small-square":false,"blade-grve-small-rect-horizontal":false,"blade-grve-small-rect-horizontal-wide":false,"blade-grve-small-rect-vertical":false,"blade-grve-medium-rect-vertical":false,"blade-grve-medium-square":false,"blade-grve-fullscreen":false},"uagb_author_info":{"display_name":"ictstaff","author_link":"https:\/\/www.sus-mirri.it\/it\/author\/ictstaff\/"},"uagb_comment_info":0,"uagb_excerpt":"[vc_row][vc_column width=&#8221;1\/2&#8243;][vc_column_text text_style=&#8221;subtitle&#8221;]SUS-MIRRI.IT[\/vc_column_text][vc_column_text][\/vc_column_text][\/vc_column][vc_column width=&#8221;1\/2&#8243;][vc_column_text]SUS-MIRRI.IT svilupper\u00e0 Ricerca, Servizi e Formazione nell\u2019ambito della rete italiana delle collezioni microbiche MIRRI-IT. Mediante il progetto, puntiamo ad incrementare le biorisorse conservate presso le Infrastrutture di Ricerca MIRRI-IT, migliorandone la caratterizzazione e ottimizzandone la gestione, in modo da valorizzarne il potenziale genomico e metabolico. SUS-MIRRI.IT, finanziato dal Piano Nazionale di Ripresa&hellip;","_links":{"self":[{"href":"https:\/\/www.sus-mirri.it\/it\/wp-json\/wp\/v2\/pages\/1727","targetHints":{"allow":["GET"]}}],"collection":[{"href":"https:\/\/www.sus-mirri.it\/it\/wp-json\/wp\/v2\/pages"}],"about":[{"href":"https:\/\/www.sus-mirri.it\/it\/wp-json\/wp\/v2\/types\/page"}],"author":[{"embeddable":true,"href":"https:\/\/www.sus-mirri.it\/it\/wp-json\/wp\/v2\/users\/1"}],"replies":[{"embeddable":true,"href":"https:\/\/www.sus-mirri.it\/it\/wp-json\/wp\/v2\/comments?post=1727"}],"version-history":[{"count":19,"href":"https:\/\/www.sus-mirri.it\/it\/wp-json\/wp\/v2\/pages\/1727\/revisions"}],"predecessor-version":[{"id":2481,"href":"https:\/\/www.sus-mirri.it\/it\/wp-json\/wp\/v2\/pages\/1727\/revisions\/2481"}],"wp:attachment":[{"href":"https:\/\/www.sus-mirri.it\/it\/wp-json\/wp\/v2\/media?parent=1727"}],"curies":[{"name":"wp","href":"https:\/\/api.w.org\/{rel}","templated":true}]}}